{"id":29275,"date":"2024-10-31T12:49:58","date_gmt":"2024-10-31T12:49:58","guid":{"rendered":"https:\/\/women.lv\/?p=29275"},"modified":"2025-04-09T09:45:42","modified_gmt":"2025-04-09T09:45:42","slug":"privatuma-politika","status":"publish","type":"page","link":"https:\/\/women.lv\/ru\/privatuma-politika\/","title":{"rendered":"Priv\u0101tuma Politika"},"content":{"rendered":"<p style=\"letter-spacing: 0.5px; padding: 1em 2em 0em; line-height: 2em; font-size: 14px; margin-bottom: 0px !important;\">K\u0101 Women klients, J\u016bs uzticat SIA WingsLogistic (turpm\u0101k \u2013\u00a0<strong>Women<\/strong>\u00a0vai\u00a0<strong>m\u0113s<\/strong>) savus vai savu darbinieku personas datus un pie\u0161\u0137irat mums ties\u012bbas tos apstr\u0101d\u0101t saska\u0146\u0101 ar m\u016bsu Priv\u0101tuma politiku (turpm\u0101k \u2013\u00a0<strong>Politika<\/strong>).<\/p>\n<p style=\"letter-spacing: 0.5px; padding: 1em 2em 0em; line-height: 2em; font-size: 14px; margin-bottom: 0px !important;\">\u0160aj\u0101 Politik\u0101 J\u016bs atrad\u012bsiet visu inform\u0101ciju par to, k\u0101dus personas datus m\u0113s iev\u0101cam un apstr\u0101d\u0101jam, k\u0101diem m\u0113r\u0137iem tos izmantojam, cik ilgu laiku uzglab\u0101jam un citu inform\u0101ciju par J\u016bsu datu apstr\u0101di.\u00a0L\u016bdzam J\u016bs uzman\u012bgi izlas\u012bt Politiku un, ja Jums ir papildu jaut\u0101jumi, aicin\u0101m v\u0113rsties pie mums, izmantojot \u0161aj\u0101 Politik\u0101 nor\u0101d\u012bto kontaktinform\u0101ciju.<\/p>\n<p style=\"letter-spacing: 0.5px; padding: 1em 2em 0em; line-height: 2em; font-size: 14px; margin-bottom: 0px !important;\">V\u0113r\u0161am J\u016bsu uzman\u012bbu, ka Politika var tikt groz\u012bta, papildin\u0101ta, atjaunota, par ko Women inform\u0113s J\u016bs, izmantojot J\u016bsu nor\u0101d\u012bto kontaktinform\u0101ciju.<\/p>\n<p style=\"letter-spacing: 0.5px; padding: 1em 2em 0em; line-height: 2em; font-size: 14px; margin-bottom: 0px !important;\"><strong>Personas dati<\/strong>\u00a0\u2013 jebk\u0101da inform\u0101cija, ko var izmantot personas identific\u0113\u0161anai, k\u0101 ar\u012b jebk\u0101da inform\u0101cija par personu, kura jau ir identific\u0113ta.<\/p>\n<p>&nbsp;<\/p>\n<ol style=\"margin-bottom: 44px; font-family: Raleway, sans-serif; font-size: 14px;\" start=\"1\">\n<li style=\"list-style-type: none;\">\n<ol style=\"margin-bottom: 44px; font-family: Raleway, sans-serif; font-size: 14px;\" start=\"1\">\n<li><strong><span style=\"color: #9c0000;\">K\u0101dus J\u016bsu personas datus m\u0113s apstr\u0101d\u0101jam un k\u0101d\u0113\u013c?<\/span><\/strong><\/li>\n<\/ol>\n<\/li>\n<\/ol>\n<p style=\"letter-spacing: 0.5px; font-family: 'Open Sans', sans-serif; padding: 1em 2em 0em; line-height: 2em; margin-bottom: 0px !important;\"><strong><span style=\"color: #9c0000;\">WingsLogistic Lo\u0123istikas un transporta pakalpojumi<\/span><\/strong><\/p>\n<p style=\"letter-spacing: 0.5px; font-family: 'Open Sans', sans-serif; padding: 1em 2em 0em; line-height: 2em; margin-bottom: 0px !important;\">M\u0113s pa\u013caujamies, ka m\u016bsu klienti juridisk\u0101s personas un \u0161o klientu darbinieki, iesniedzot mums\u00a0 personas datus, iev\u0113ro personas datu apstr\u0101di regul\u0113jo\u0161o normat\u012bvo aktu pras\u012bbas, taj\u0101 skait\u0101\u00a0 pien\u0101kumu inform\u0113t darbiniekus par datu nodo\u0161anu sadarb\u012bbas partneriem.<\/p>\n<p style=\"letter-spacing: 0.5px; font-family: 'Open Sans', sans-serif; padding: 1em 2em 0em; line-height: 2em; margin-bottom: 0px !important;\">Ja J\u016bs v\u0113l\u0113sieties sa\u0146emt cenas pied\u0101v\u0101jumu un uztic\u0113siet mums savu kontaktinform\u0101ciju, aizpildot k\u0101du no m\u016bsu kontakt form\u0101m m\u016bsu m\u0101jaslap\u0101 vai sazinoties ar m\u016bsu speci\u0101listu telefoniski vai tie\u0161saistes \u010dat\u0101 (v\u0101rds, uz\u0146\u0113mums, e-pasta adrese, t\u0101lru\u0146a numurs, ar kravu saist\u012bt\u0101 inform\u0101cija, u.c.), m\u0113s \u0161os datus uz J\u016bsu piekri\u0161anas pamata izmantosim, lai ar Jums sazin\u0101tos un izteiktu cenas pied\u0101v\u0101jumu, k\u0101 ar\u012b, lai nepiecie\u0161am\u012bbas gad\u012bjum\u0101 preciz\u0113tu ar kravu saist\u012bto inform\u0101ciju.<\/p>\n<p style=\"letter-spacing: 0.5px; font-family: 'Open Sans', sans-serif; padding: 1em 2em 0em; line-height: 2em; margin-bottom: 0px !important;\">Datu apstr\u0101des termi\u0146\u0161 \u2013 visu laika periodu, kam\u0113r Jums tiek sniegti pakalpojumi un ilg\u0101ku laika periodu, ja tas ir nepiecie\u0161ams m\u016bsu intere\u0161u un ties\u012bbu aizsardz\u012bbai saist\u012bb\u0101 ar pret mums izteikt\u0101m pras\u012bb\u0101m, pretenzij\u0101m.<\/p>\n<p style=\"letter-spacing: 0.5px; font-family: 'Open Sans', sans-serif; padding: 1em 2em 0em; line-height: 2em; margin-bottom: 0px !important;\"><strong><span style=\"color: #9c0000;\">Komerci\u0101lie pazi\u0146ojumi<\/span><\/strong><\/p>\n<p style=\"letter-spacing: 0.5px; font-family: 'Open Sans', sans-serif; padding: 1em 2em 0em; line-height: 2em; margin-bottom: 0px !important;\">Ja, J\u016bs piekr\u012btat sa\u0146emt Women jaunumus, m\u0113s apstr\u0101d\u0101sim J\u016bsu personas datus (v\u0101rds, uzv\u0101rds, e-pasta adrese, telefona numurs, adrese), sniedzot Jums \u0161\u0101du inform\u0101ciju J\u016bsu izv\u0113l\u0113t\u0101 veid\u0101 \u2013 pa e-pastu, nos\u016btot \u012bszi\u0146u vai pa pastu.<\/p>\n<p style=\"letter-spacing: 0.5px; font-family: 'Open Sans', sans-serif; padding: 1em 2em 0em; line-height: 2em; margin-bottom: 0px !important;\">Datu apstr\u0101des tiesiskais pamats \u2013 piekri\u0161ana.<\/p>\n<p style=\"letter-spacing: 0.5px; font-family: 'Open Sans', sans-serif; padding: 1em 2em 0em; line-height: 2em; margin-bottom: 0px !important;\">Datu apstr\u0101des termi\u0146\u0161 \u2013 visu laika periodu, kam\u0113r ir sp\u0113k\u0101 J\u016bsu piekri\u0161ana. Inform\u0101ciju par datu apstr\u0101di un pier\u0101d\u012bjumus par J\u016bsu piekri\u0161anu m\u0113s varam saglab\u0101t ilg\u0101ku laika periodu<\/p>\n<p style=\"letter-spacing: 0.5px; font-family: 'Open Sans', sans-serif; padding: 1em 2em 0em; line-height: 2em; margin-bottom: 0px !important;\"><strong>Statistika, tirgus un m\u016bsu klientu r\u012bc\u012bbas izp\u0113te<\/strong><\/p>\n<p>&nbsp;<\/p>\n<ol style=\"margin-bottom: 44px; font-family: Raleway, sans-serif; font-size: 14px;\" start=\"1\">\n<li style=\"list-style-type: none;\">\n<ol style=\"margin-bottom: 44px; font-family: Raleway, sans-serif; font-size: 14px;\" start=\"1\">\n<li><strong><span style=\"color: #9c0000;\">No k\u0101diem avotiem m\u0113s apkopojam J\u016bsu personas datus?<\/span><\/strong><\/li>\n<\/ol>\n<\/li>\n<\/ol>\n<p style=\"letter-spacing: 0.5px; font-family: 'Open Sans', sans-serif; padding: 1em 2em 0em; line-height: 2em; margin-bottom: 0px !important;\">J\u016bsu personas datus m\u0113s ieg\u016bstam tikai no Jums. Datus J\u016bs mums iesniedzat tie\u0161i.<\/p>\n<p><span style=\"color: #9c0000;\">\u00a0<\/span><\/p>\n<ol style=\"margin-bottom: 44px; font-family: Raleway, sans-serif; font-size: 14px;\" start=\"1\">\n<li style=\"list-style-type: none;\">\n<ol style=\"margin-bottom: 44px; font-family: Raleway, sans-serif; font-size: 14px;\" start=\"1\">\n<li><strong><span style=\"color: #9c0000;\">K\u0101dos gad\u012bjumos un k\u0101diem datu sa\u0146\u0113m\u0113jiem m\u0113s atkl\u0101jam J\u016bsu personas datus?<\/span><\/strong><\/li>\n<\/ol>\n<\/li>\n<\/ol>\n<p style=\"letter-spacing: 0.5px; font-family: 'Open Sans', sans-serif; padding: 1em 2em 0em; line-height: 2em; margin-bottom: 0px !important;\">Lai sniegtu pakalpojumu, m\u0113s nodosim J\u016bsu datus transporta pakalpojumu sniedz\u0113jiem, apdro\u0161in\u0101\u0161anas pakalpojumu sniedz\u0113jiem, k\u0101 ar\u012b citiem pakalpojumu sniedz\u0113jiem, k\u0101 ar\u012b iepriek\u0161min\u0113to pakalpojumu snieg\u0161anas starpniekiem, piem\u0113ram, apdro\u0161in\u0101\u0161anas brokeriem.<\/p>\n<p style=\"letter-spacing: 0.5px; font-family: 'Open Sans', sans-serif; padding: 1em 2em 0em; line-height: 2em; margin-bottom: 0px !important;\">J\u016bsu datus m\u0113s varam nodot apstr\u0101dei citiem datu sa\u0146\u0113m\u0113jiem, kuri pal\u012bdz mums sniegt Jums pakalpojumus. T\u0101das personas var b\u016bt datub\u0101\u017eu programmat\u016bras uztur\u0113t\u0101ji, datub\u0101\u017eu administr\u0113\u0161anas pakalpojumu sniedz\u0113ji, datu centru uztur\u0113\u0161anas un m\u0101ko\u0146dato\u0161anas pakalpojumu sniedz\u0113ji, tie\u0161ie tirgved\u012bbas pakalpojumu sniedz\u0113ji, tirgus izp\u0113tes vai uz\u0146\u0113m\u0113jdarb\u012bbas anal\u012btikas pakalpojumu sniedz\u0113ji. Katr\u0101 gad\u012bjum\u0101 datu apstr\u0101d\u0101t\u0101jiem m\u0113s iesniedzam tikai t\u0101du datu apjomu, kas ir nepiecie\u0161ams konkr\u0113ta uzdevuma izpildei vai konkr\u0113to pakalpojumu snieg\u0161anai. M\u016bsu iesaist\u012btie datu apstr\u0101d\u0101t\u0101ji var apstr\u0101d\u0101t J\u016bsu personas datus tikai p\u0113c m\u016bsu nor\u0101d\u012bjumiem un nedr\u012bkst tos izmantot citiem m\u0113r\u0137iem vai nodot cit\u0101m person\u0101m bez m\u016bsu piekri\u0161anas. Turkl\u0101t tiem ir pien\u0101kums nodro\u0161in\u0101t J\u016bsu datu aizsardz\u012bba saska\u0146\u0101 ar sp\u0113k\u0101 eso\u0161o normat\u012bvo aktu pras\u012bb\u0101m un ar mums nosl\u0113gto rakstisko vieno\u0161anos, kas cita starp\u0101 paredz jebkuru J\u016bsu datu neatgriezenisku dz\u0113\u0161anu p\u0113c m\u016bsu dot\u0101 uzdevuma izpildes vai sadarb\u012bbas izbeig\u0161an\u0101s.<\/p>\n<p style=\"letter-spacing: 0.5px; font-family: 'Open Sans', sans-serif; padding: 1em 2em 0em; line-height: 2em; margin-bottom: 0px !important;\">Dati var tikt nodoti ar\u012b kompetent\u0101m instit\u016bcij\u0101m vai ties\u012bbsarg\u0101jo\u0161aj\u0101m iest\u0101d\u0113m, piem\u0113ram, policijai vai uzraudz\u012bbas instit\u016bcij\u0101m, ta\u010du tikai atbildot uz to piepras\u012bjumiem un tikai tad, ja tas ir nepiecie\u0161ams saska\u0146\u0101 ar sp\u0113k\u0101 eso\u0161ajiem normat\u012bvajiem aktiem, normat\u012bvo aktu noteiktajos gad\u012bjumos un k\u0101rt\u012bb\u0101.<\/p>\n<p>&nbsp;<\/p>\n<ol style=\"margin-bottom: 44px; font-family: Raleway, sans-serif; font-size: 14px;\" start=\"1\">\n<li style=\"list-style-type: none;\">\n<ol style=\"margin-bottom: 44px; font-family: Raleway, sans-serif; font-size: 14px;\" start=\"1\">\n<li><strong><span style=\"color: #9c0000;\">K\u0101d\u0101s teritorij\u0101s un jurisdikcij\u0101s m\u0113s apstr\u0101d\u0101jam J\u016bsu personas datus?<\/span><\/strong><\/li>\n<\/ol>\n<\/li>\n<\/ol>\n<p style=\"letter-spacing: 0.5px; font-family: 'Open Sans', sans-serif; padding: 1em 2em 0em; line-height: 2em; margin-bottom: 0px !important;\">M\u0113s apstr\u0101d\u0101jam J\u016bsu personas datus tikai Eiropas Savien\u012bbas teritorij\u0101 un Eiropas Ekonomisk\u0101s zonas teritorij\u0101. Dati \u0101rpus Eiropas Savien\u012bbas teritorijas un Eiropas Ekonomisk\u0101s zonas teritorijas var tikt nodoti tikai saska\u0146\u0101 ar datu aizsardz\u012bbu regul\u0113jo\u0161o normat\u012bvo aktu pras\u012bb\u0101m.<\/p>\n<p>&nbsp;<\/p>\n<ol style=\"margin-bottom: 44px; font-family: Raleway, sans-serif; font-size: 14px;\" start=\"1\">\n<li style=\"list-style-type: none;\">\n<ol style=\"margin-bottom: 44px; font-family: Raleway, sans-serif; font-size: 14px;\" start=\"1\">\n<li><strong><span style=\"color: #9c0000;\">Cik dro\u0161i ir J\u016bsu dati?<\/span><\/strong><\/li>\n<\/ol>\n<\/li>\n<\/ol>\n<p style=\"letter-spacing: 0.5px; font-family: 'Open Sans', sans-serif; padding: 1em 2em 0em; line-height: 2em; margin-bottom: 0px !important;\">M\u0113s cien\u0101m J\u016bsu priv\u0101tumu, t\u0101d\u0113\u013c J\u016bsu personas datu dro\u0161\u012bba ir m\u016bsu priorit\u0101te. M\u0113s izmantojam atbilsto\u0161us organizatoriskus un tehniskus l\u012bdzek\u013cus, lai nodro\u0161in\u0101tu past\u0101v\u012bgu J\u016bsu personas datu dro\u0161\u012bbu un datu apstr\u0101des atbilst\u012bbu datu aizsardz\u012bbas normat\u012bvo aktu, k\u0101 ar\u012b m\u016bsu iek\u0161\u0113jo noteikumu pras\u012bb\u0101m, taj\u0101 skait\u0101 Women ap\u0146emas nodro\u0161in\u0101t klientu personas datu konfidencialit\u0101ti.<\/p>\n<p style=\"letter-spacing: 0.5px; font-family: 'Open Sans', sans-serif; padding: 1em 2em 0em; line-height: 2em; margin-bottom: 0px !important;\">M\u0113s iev\u0113rojam personas datu aizsardz\u012bbas normat\u012bvo aktu pras\u012bbas un katr\u0101 datu apstr\u0101des proces\u0101 r\u016bp\u0113jamies, lai iev\u0101ktu tikai to inform\u0101ciju, kas nepiecie\u0161ama \u0161aj\u0101 Politik\u0101 noteikto m\u0113r\u0137u sasnieg\u0161anai.<\/p>\n<p>&nbsp;<\/p>\n<ol style=\"margin-bottom: 44px; font-family: Raleway, sans-serif; font-size: 14px;\" start=\"1\">\n<li style=\"list-style-type: none;\">\n<ol style=\"margin-bottom: 44px; font-family: Raleway, sans-serif; font-size: 14px;\" start=\"1\">\n<li><strong><span style=\"color: #9c0000;\">K\u0101das ties\u012bbas Jums sniedz datu aizsardz\u012bbas normat\u012bvie akti un k\u0101 varat t\u0101s izmantot?<\/span><\/strong><\/li>\n<\/ol>\n<\/li>\n<\/ol>\n<p style=\"letter-spacing: 0.5px; font-family: 'Open Sans', sans-serif; padding: 1em 2em 0em; line-height: 2em; margin-bottom: 0px !important;\">Datu aizsardz\u012bbas normat\u012bvie akti pie\u0161\u0137ir Jums ties\u012bbas, kuras J\u016bs varat br\u012bvi izmantot, v\u0113r\u0161oties pie mums. M\u0113s ap\u0146emamies nodro\u0161in\u0101t Jums iesp\u0113jas izmantot J\u016bsu ties\u012bbas.<\/p>\n<p style=\"letter-spacing: 0.5px; font-family: 'Open Sans', sans-serif; padding: 1em 2em 0em; line-height: 2em; margin-bottom: 0px !important;\"><strong><span style=\"color: #9c0000;\">Ties\u012bbas ieg\u016bt inform\u0101ciju par to, vai m\u0113s apstr\u0101d\u0101jam J\u016bsu personas datus, un, ja apstr\u0101d\u0101jam, tad k\u0101dus<\/span><\/strong><\/p>\n<p style=\"letter-spacing: 0.5px; font-family: 'Open Sans', sans-serif; padding: 1em 2em 0em; line-height: 2em; margin-bottom: 0px !important;\">Jums ir ties\u012bbas sa\u0146emt m\u016bsu apstiprin\u0101jumu par to, vai m\u0113s apstr\u0101d\u0101jam J\u016bsu personas datus, k\u0101 ar\u012b ties\u012bbas iepaz\u012bties ar J\u016bsu personas datiem, kurus m\u0113s apstr\u0101d\u0101jam, inform\u0101ciju par datu apstr\u0101des m\u0113r\u0137iem, apstr\u0101d\u0101jamo datu kategoriju, datu sa\u0146\u0113m\u0113ju kategoriju, datu apstr\u0101des periodu, datu ieg\u016b\u0161anas avotiem. Liel\u0101ko da\u013cu no \u0161\u012bs inform\u0101cijas m\u0113s sniedzam Jums \u0161aj\u0101 Politik\u0101 un ticam, ka t\u0101 Jums b\u016bs noder\u012bga.<\/p>\n<p style=\"letter-spacing: 0.5px; font-family: 'Open Sans', sans-serif; padding: 1em 2em 0em; line-height: 2em; margin-bottom: 0px !important;\"><strong><span style=\"color: #9c0000;\">Ties\u012bbas piepras\u012bt labot personas datus<\/span><\/strong><\/p>\n<p style=\"letter-spacing: 0.5px; font-family: 'Open Sans', sans-serif; padding: 1em 2em 0em; line-height: 2em; margin-bottom: 0px !important;\">Ja ir main\u012bju\u0161ies J\u016bsu nor\u0101d\u012btie dati vai J\u016bs redzat, ka m\u016bsu apstr\u0101d\u0101t\u0101 inform\u0101cija par Jums ir neprec\u012bza vai nepareiza, Jums ir ties\u012bbas piepras\u012bt \u0161o inform\u0101ciju main\u012bt, preciz\u0113t vai izlabot.<\/p>\n<p style=\"letter-spacing: 0.5px; font-family: 'Open Sans', sans-serif; padding: 1em 2em 0em; line-height: 2em; margin-bottom: 0px !important;\"><strong><span style=\"color: #9c0000;\">Ties\u012bbas atsaukt piekri\u0161anu<\/span><\/strong><\/p>\n<p style=\"letter-spacing: 0.5px; font-family: 'Open Sans', sans-serif; padding: 1em 2em 0em; line-height: 2em; margin-bottom: 0px !important;\">Tajos gad\u012bjumos, kad J\u016bsu datus m\u0113s apstr\u0101d\u0101jam uz J\u016bsu piekri\u0161anas pamata, Jums ir ties\u012bbas jebkur\u0101 laik\u0101 atsaukt savu piekri\u0161anu, un uz J\u016bsu piekri\u0161anas pamatot\u0101 datu apstr\u0101de tiks p\u0101rtraukta. J\u016bs varat jebkur\u0101 br\u012bd\u012b atsaukt savu piekri\u0161anu sa\u0146emt komerci\u0101lus pazi\u0146ojumus. \u0160o piekri\u0161anu atsauk\u0161ana neierobe\u017eos J\u016bsu iesp\u0113jas sa\u0146emt Women pakalpojumus.<\/p>\n<p style=\"letter-spacing: 0.5px; font-family: 'Open Sans', sans-serif; padding: 1em 2em 0em; line-height: 2em; margin-bottom: 0px !important;\">Ja J\u016bsu piekri\u0161ana zaud\u0113 sp\u0113ku vai tiek atsaukta vai anul\u0113ta, m\u0113s dz\u0113\u0161am datus, kas tiek apstr\u0101d\u0101ti uz J\u016bsu piekri\u0161anas pamata, ja vien to apstr\u0101dei nav ar\u012b cits pamats, lai sasniegtu citus \u0161aj\u0101 Politik\u0101 paredz\u0113tos datu apstr\u0101des m\u0113r\u0137us.<\/p>\n<p style=\"letter-spacing: 0.5px; font-family: 'Open Sans', sans-serif; padding: 1em 2em 0em; line-height: 2em; margin-bottom: 0px !important;\">Jebkur\u0101 situ\u0101cij\u0101 J\u016bsu doto piekri\u0161anu un pier\u0101d\u012bjumu par to m\u0113s varam uzglab\u0101t ar\u012b ilg\u0101ku periodu, ja tas ir nepiecie\u0161ams, lai var\u0113tu aizsarg\u0101t savas ties\u012bbas saist\u012bb\u0101 ar pret mums izteikt\u0101m pras\u012bb\u0101m, pretenzij\u0101m.<\/p>\n<p style=\"letter-spacing: 0.5px; font-family: 'Open Sans', sans-serif; padding: 1em 2em 0em; line-height: 2em; margin-bottom: 0px !important;\"><strong><span style=\"color: #9c0000;\">Ties\u012bbas iesniegt s\u016bdz\u012bbu<\/span><\/strong><\/p>\n<p style=\"letter-spacing: 0.5px; font-family: 'Open Sans', sans-serif; padding: 1em 2em 0em; line-height: 2em; margin-bottom: 0px !important;\">Ja J\u016bs uzskat\u0101t, ka m\u0113s apstr\u0101d\u0101jam J\u016bsu datus, p\u0101rk\u0101pjot personas datu aizsardz\u012bbas normat\u012bvo aktu pras\u012bbas, m\u0113s aicin\u0101m v\u0113rsties tie\u0161i pie mums. M\u0113s ticam, ka mums izdosies klied\u0113t visas J\u016bsu \u0161aubas, apmierin\u0101t l\u016bgumus un nov\u0113rst m\u016bsu pie\u013caut\u0101s k\u013c\u016bdas, ja t\u0101das b\u016bs.<\/p>\n<p style=\"letter-spacing: 0.5px; font-family: 'Open Sans', sans-serif; padding: 1em 2em 0em; line-height: 2em; margin-bottom: 0px !important;\">Ja J\u016bs neb\u016bsiet apmierin\u0101ts ar m\u016bsu pied\u0101v\u0101tajiem risin\u0101jumiem vai m\u0113s, J\u016bsupr\u0101t, neveicam nepiecie\u0161am\u0101s darb\u012bbas, Jums ir ties\u012bbas iesniegt s\u016bdz\u012bbu uzraugo\u0161ajai instit\u016bcijai, kas Latvijas Republik\u0101 ir Datu valsts inspekcija (<a style=\"transition: all 0.5s ease 0s;\" href=\"http:\/\/www.dvi.gov.lv\/\" target=\"_blank\" rel=\"noopener noreferrer nofollow\">www.dvi.gov.lv<\/a>).<\/p>\n<p style=\"letter-spacing: 0.5px; font-family: 'Open Sans', sans-serif; padding: 1em 2em 0em; line-height: 2em; margin-bottom: 0px !important;\"><strong><span style=\"color: #9c0000;\">Ties\u012bbas piepras\u012bt izdz\u0113st datus (ties\u012bbas b\u016bt aizmirstam)<\/span><\/strong><\/p>\n<p style=\"letter-spacing: 0.5px; font-family: 'Open Sans', sans-serif; padding: 1em 2em 0em; line-height: 2em; margin-bottom: 0px !important;\">Past\u0101vot atbilsto\u0161iem personas datu apstr\u0101des normat\u012bvajos aktos min\u0113tajiem apst\u0101k\u013ciem, piem\u0113ram, ja personas dati tiek apstr\u0101d\u0101ti nelikum\u012bgi, z\u016bd datu apstr\u0101des tiesiskais pamats, Jums ir ties\u012bbas l\u016bgt, lai m\u0113s dz\u0113stu J\u016bsu personas datus.<\/p>\n<p style=\"letter-spacing: 0.5px; font-family: 'Open Sans', sans-serif; padding: 1em 2em 0em; line-height: 2em; margin-bottom: 0px !important;\">Gad\u012bjum\u0101, ja personas dati, kas apstr\u0101d\u0101ti, ir izmantojami citiem \u0161aj\u0101 Politik\u0101 min\u0113tajiem m\u0113r\u0137iem, piem\u0113ram, lai nodro\u0161in\u0101tu pier\u0101d\u012bjumu esam\u012bbu pretenzijas gad\u012bjum\u0101, m\u0113s varam saglab\u0101t attiec\u012bgos datus, lai nodro\u0161in\u0101tu citu m\u0113r\u0137u sasnieg\u0161anu.<\/p>\n<p style=\"letter-spacing: 0.5px; font-family: 'Open Sans', sans-serif; padding: 1em 2em 0em; line-height: 2em; margin-bottom: 0px !important;\"><span style=\"color: #9c0000;\"><strong>Ties\u012bbas piepras\u012bt ierobe\u017eot datu apstr\u0101di\u00a0<\/strong><strong>\u00a0<\/strong><\/span><\/p>\n<p style=\"letter-spacing: 0.5px; font-family: 'Open Sans', sans-serif; padding: 1em 2em 0em; line-height: 2em; margin-bottom: 0px !important;\">Past\u0101vot attiec\u012bgiem datu apstr\u0101des normat\u012bvajos aktos min\u0113tiem apst\u0101k\u013ciem, piem\u0113ram, ja personas dati tiek apstr\u0101d\u0101ti nelikum\u012bgi, J\u016bs apstr\u012bdat datu precizit\u0101ti, J\u016bs iesniedzat iebildumus par datu apstr\u0101di uz m\u016bsu le\u0123it\u012bmo intere\u0161u pamata, Jums ir ties\u012bbas ierobe\u017eot J\u016bsu datu apstr\u0101di. Tom\u0113r nor\u0101d\u0101m, ka datu apstr\u0101des ierobe\u017eo\u0161anas d\u0113\u013c un uz \u0161\u0101du ierobe\u017eojumu periodu mums var neb\u016bt iesp\u0113ju nodro\u0161in\u0101t Jums Women sniegtos pakalpojumus.<\/p>\n<p style=\"letter-spacing: 0.5px; font-family: 'Open Sans', sans-serif; padding: 1em 2em 0em; line-height: 2em; margin-bottom: 0px !important;\"><strong><span style=\"color: #9c0000;\">Ties\u012bbas uz datu p\u0101rnesam\u012bbu<\/span><\/strong><\/p>\n<p style=\"letter-spacing: 0.5px; font-family: 'Open Sans', sans-serif; padding: 1em 2em 0em; line-height: 2em; margin-bottom: 0px !important;\">Jums ir ties\u012bbas l\u016bgt t\u0101du datu p\u0101rnesam\u012bbu, kurus J\u016bs mums esat iesniedzis elektronisk\u0101 form\u0101. Sa\u0146emot J\u016bsu piepras\u012bjumu par datu p\u0101rnesam\u012bbu, m\u0113s J\u016bsu ties\u012bbu realiz\u0101ciju nodro\u0161in\u0101sim, izsniedzot datus pla\u0161i izmantojam\u0101 un dator las\u0101m\u0101 form\u0101t\u0101 vai ar\u012b nos\u016bt\u012bsim J\u016bsu piepras\u012btos datus elektronisk\u0101 form\u0101 J\u016bsu izv\u0113l\u0113tajam adres\u0101tam, iev\u0113rojot J\u016bsu piepras\u012bjum\u0101 nor\u0101d\u012bto inform\u0101ciju.<\/p>\n<p><span style=\"color: #9c0000;\">\u00a0<\/span><\/p>\n<ol style=\"margin-bottom: 44px; font-family: Raleway, sans-serif; font-size: 14px;\" start=\"1\">\n<li style=\"list-style-type: none;\">\n<ol style=\"margin-bottom: 44px; font-family: Raleway, sans-serif; font-size: 14px;\" start=\"1\">\n<li><strong><span style=\"color: #9c0000;\">K\u0101dos veidos J\u016bs varat sazin\u0101ties ar mums?<\/span><\/strong><\/li>\n<\/ol>\n<\/li>\n<\/ol>\n<p style=\"letter-spacing: 0.5px; font-family: 'Open Sans', sans-serif; padding: 1em 2em 0em; line-height: 2em; margin-bottom: 0px !important;\">Personas datu p\u0101rzinis ir SIA WingsLogistic, re\u0123istr\u0101cijas numurs 40203192551, adrese &#8220;Liepas A&#8221;-3, Ogresgals, Ogresgala pag., Ogres nov., Latvija.<\/p>\n<p style=\"letter-spacing: 0.5px; font-family: 'Open Sans', sans-serif; padding: 1em 2em 0em; line-height: 2em; margin-bottom: 0px !important;\">Par visiem personas datu apstr\u0101des jaut\u0101jumiem ar mums varat sazin\u0101ties \u0161\u0101dos veidos:<\/p>\n<p style=\"letter-spacing: 0.5px; font-family: 'Open Sans', sans-serif; padding: 1em 2em 0em; line-height: 2em; margin-bottom: 0px !important;\">Rakstot uz elektronisk\u0101 pasta adresi:\u00a0<a style=\"transition: all 0.5s ease 0s;\" href=\"mailto:info@wingslogistic.lv\">info@wingslogistic.lv<\/a>,<\/p>\n<p style=\"letter-spacing: 0.5px; font-family: 'Open Sans', sans-serif; padding: 1em 2em 0em; line-height: 2em; margin-bottom: 0px !important;\">Zvanot uz m\u016bsu informat\u012bvo t\u0101lruni: +371 244 09096<\/p>","protected":false},"excerpt":{"rendered":"<p>K\u0101 Women klients, J\u016bs uzticat SIA WingsLogistic (turpm\u0101k \u2013\u00a0Women\u00a0vai\u00a0m\u0113s) savus vai savu darbinieku personas datus un pie\u0161\u0137irat mums ties\u012bbas tos<\/p>","protected":false},"author":1,"featured_media":0,"parent":0,"menu_order":0,"comment_status":"open","ping_status":"closed","template":"","meta":{"footnotes":""},"class_list":["post-29275","page","type-page","status-publish","hentry"],"yoast_head":"<!-- This site is optimized with the Yoast SEO plugin v27.4 - https:\/\/yoast.com\/product\/yoast-seo-wordpress\/ -->\n<title>Priv\u0101tuma Politika<\/title>\n<meta name=\"description\" content=\"Priv\u0101tuma Politika\" \/>\n<meta name=\"robots\" content=\"index, follow, max-snippet:-1, max-image-preview:large, max-video-preview:-1\" \/>\n<link rel=\"canonical\" href=\"https:\/\/women.lv\/ru\/privatuma-politika\/\" \/>\n<meta property=\"og:locale\" content=\"ru_RU\" \/>\n<meta property=\"og:type\" content=\"article\" \/>\n<meta property=\"og:title\" content=\"Priv\u0101tuma Politika\" \/>\n<meta property=\"og:description\" content=\"Priv\u0101tuma Politika\" \/>\n<meta property=\"og:url\" content=\"https:\/\/women.lv\/ru\/privatuma-politika\/\" \/>\n<meta property=\"og:site_name\" content=\"Women Veikals\" \/>\n<meta property=\"article:modified_time\" content=\"2025-04-09T09:45:42+00:00\" \/>\n<meta name=\"twitter:card\" content=\"summary_large_image\" \/>\n<meta name=\"twitter:label1\" content=\"\u041f\u0440\u0438\u043c\u0435\u0440\u043d\u043e\u0435 \u0432\u0440\u0435\u043c\u044f \u0434\u043b\u044f \u0447\u0442\u0435\u043d\u0438\u044f\" \/>\n\t<meta name=\"twitter:data1\" content=\"7 \u043c\u0438\u043d\u0443\u0442\" \/>\n<script type=\"application\/ld+json\" class=\"yoast-schema-graph\">{\"@context\":\"https:\\\/\\\/schema.org\",\"@graph\":[{\"@type\":\"WebPage\",\"@id\":\"https:\\\/\\\/women.lv\\\/privatuma-politika\\\/\",\"url\":\"https:\\\/\\\/women.lv\\\/privatuma-politika\\\/\",\"name\":\"Priv\u0101tuma Politika\",\"isPartOf\":{\"@id\":\"https:\\\/\\\/women.lv\\\/#website\"},\"datePublished\":\"2024-10-31T12:49:58+00:00\",\"dateModified\":\"2025-04-09T09:45:42+00:00\",\"description\":\"Priv\u0101tuma Politika\",\"breadcrumb\":{\"@id\":\"https:\\\/\\\/women.lv\\\/privatuma-politika\\\/#breadcrumb\"},\"inLanguage\":\"ru-RU\",\"potentialAction\":[{\"@type\":\"ReadAction\",\"target\":[\"https:\\\/\\\/women.lv\\\/privatuma-politika\\\/\"]}]},{\"@type\":\"BreadcrumbList\",\"@id\":\"https:\\\/\\\/women.lv\\\/privatuma-politika\\\/#breadcrumb\",\"itemListElement\":[{\"@type\":\"ListItem\",\"position\":1,\"name\":\"Home\",\"item\":\"https:\\\/\\\/women.lv\\\/\"},{\"@type\":\"ListItem\",\"position\":2,\"name\":\"Priv\u0101tuma Politika\"}]},{\"@type\":\"WebSite\",\"@id\":\"https:\\\/\\\/women.lv\\\/#website\",\"url\":\"https:\\\/\\\/women.lv\\\/\",\"name\":\"Women Veikals\",\"description\":\"Uzdr\u012bksties b\u016bt skaista\",\"potentialAction\":[{\"@type\":\"SearchAction\",\"target\":{\"@type\":\"EntryPoint\",\"urlTemplate\":\"https:\\\/\\\/women.lv\\\/?s={search_term_string}\"},\"query-input\":{\"@type\":\"PropertyValueSpecification\",\"valueRequired\":true,\"valueName\":\"search_term_string\"}}],\"inLanguage\":\"ru-RU\"}]}<\/script>\n<!-- \/ Yoast SEO plugin. -->","yoast_head_json":{"title":"Priv\u0101tuma Politika","description":"Priv\u0101tuma Politika","robots":{"index":"index","follow":"follow","max-snippet":"max-snippet:-1","max-image-preview":"max-image-preview:large","max-video-preview":"max-video-preview:-1"},"canonical":"https:\/\/women.lv\/ru\/privatuma-politika\/","og_locale":"ru_RU","og_type":"article","og_title":"Priv\u0101tuma Politika","og_description":"Priv\u0101tuma Politika","og_url":"https:\/\/women.lv\/ru\/privatuma-politika\/","og_site_name":"Women Veikals","article_modified_time":"2025-04-09T09:45:42+00:00","twitter_card":"summary_large_image","twitter_misc":{"\u041f\u0440\u0438\u043c\u0435\u0440\u043d\u043e\u0435 \u0432\u0440\u0435\u043c\u044f \u0434\u043b\u044f \u0447\u0442\u0435\u043d\u0438\u044f":"7 \u043c\u0438\u043d\u0443\u0442"},"schema":{"@context":"https:\/\/schema.org","@graph":[{"@type":"WebPage","@id":"https:\/\/women.lv\/privatuma-politika\/","url":"https:\/\/women.lv\/privatuma-politika\/","name":"Priv\u0101tuma Politika","isPartOf":{"@id":"https:\/\/women.lv\/#website"},"datePublished":"2024-10-31T12:49:58+00:00","dateModified":"2025-04-09T09:45:42+00:00","description":"Priv\u0101tuma Politika","breadcrumb":{"@id":"https:\/\/women.lv\/privatuma-politika\/#breadcrumb"},"inLanguage":"ru-RU","potentialAction":[{"@type":"ReadAction","target":["https:\/\/women.lv\/privatuma-politika\/"]}]},{"@type":"BreadcrumbList","@id":"https:\/\/women.lv\/privatuma-politika\/#breadcrumb","itemListElement":[{"@type":"ListItem","position":1,"name":"Home","item":"https:\/\/women.lv\/"},{"@type":"ListItem","position":2,"name":"Priv\u0101tuma Politika"}]},{"@type":"WebSite","@id":"https:\/\/women.lv\/#website","url":"https:\/\/women.lv\/","name":"\u041c\u0430\u0433\u0430\u0437\u0438\u043d Women","description":"Uzdr\u012bksties b\u016bt skaista","potentialAction":[{"@type":"SearchAction","target":{"@type":"EntryPoint","urlTemplate":"https:\/\/women.lv\/?s={search_term_string}"},"query-input":{"@type":"PropertyValueSpecification","valueRequired":true,"valueName":"search_term_string"}}],"inLanguage":"ru-RU"}]}},"_links":{"self":[{"href":"https:\/\/women.lv\/ru\/wp-json\/wp\/v2\/pages\/29275","targetHints":{"allow":["GET"]}}],"collection":[{"href":"https:\/\/women.lv\/ru\/wp-json\/wp\/v2\/pages"}],"about":[{"href":"https:\/\/women.lv\/ru\/wp-json\/wp\/v2\/types\/page"}],"author":[{"embeddable":true,"href":"https:\/\/women.lv\/ru\/wp-json\/wp\/v2\/users\/1"}],"replies":[{"embeddable":true,"href":"https:\/\/women.lv\/ru\/wp-json\/wp\/v2\/comments?post=29275"}],"version-history":[{"count":0,"href":"https:\/\/women.lv\/ru\/wp-json\/wp\/v2\/pages\/29275\/revisions"}],"wp:attachment":[{"href":"https:\/\/women.lv\/ru\/wp-json\/wp\/v2\/media?parent=29275"}],"curies":[{"name":"wp","href":"https:\/\/api.w.org\/{rel}","templated":true}]}}